{"id":1324,"date":"2021-12-16T12:25:03","date_gmt":"2021-12-16T11:25:03","guid":{"rendered":"https:\/\/durangojesuitak.somoswoko.com\/?page_id=1324"},"modified":"2025-09-08T11:45:04","modified_gmt":"2025-09-08T09:45:04","slug":"profesorado","status":"publish","type":"page","link":"https:\/\/www.durangojesuitak.org\/es\/educacion-infantil-0-6\/profesorado\/","title":{"rendered":"Educaci\u00f3n Infantil 0-6 Profesorado"},"content":{"rendered":"\n<section class=\"seccion seccion-contenedor\n        centrado            fondo interior            divisor\" \n    style=\"background-color: ; color: ;\">\n    <div class=\"contenedor  \">\n        <div class=\"margen swing swing--opacity\">\n\n                            <div class=\"left\">\n\n                    <div class=\"texto\">\n                        \n\n    <p class=\"block-texto swing swing--opacity hero-display centrado mayusculas  \">Educaci\u00f3n infantil 0-6<\/p>\n\n\n                    <\/div>\n\n                <\/div>\n            \n            <div class=\"right\">\n\n                \n            <\/div>\n\n            \n        <\/div>\n    <\/div>\n\n\n            <div class=\"fondo\">\n            <img decoding=\"async\" src=\"https:\/\/www.durangojesuitak.org\/wp-content\/uploads\/2022\/11\/educacion-0-6-jesuitak-durango-1024x429.jpg\" alt=\"Educaci\u00f3n Infantil 0-6 Profesorado\"\/>\n        <\/div>\n        \n    \n<\/section>\n\n<section class=\"seccion seccion-menu-lateral\">\n    <div class=\"contenedor\">\n        <div class=\"margen\">\n\n            <div class=\"paralelo\">\n\n                <div class=\"corto\">\n                    <div>\n\n                        \t\n                            <nav class=\"menu\">\n\n                                <span class=\"titulo\">Educaci\u00f3n Infantil 0-6<\/span>\n\n                                <ul id=\"menu-educacion-infantil-0-6\" class=\"menu\"><li id=\"menu-item-2839\" class=\"menu-item menu-item-type-post_type menu-item-object-page menu-item-2839\"><a href=\"https:\/\/www.durangojesuitak.org\/es\/educacion-infantil-0-6\/proyecto-pedagogico\/\">Proyecto pedag\u00f3gico<\/a><\/li>\n<li id=\"menu-item-1469\" class=\"menu-item menu-item-type-post_type menu-item-object-page menu-item-1469\"><a href=\"https:\/\/www.durangojesuitak.org\/es\/educacion-infantil-0-6\/horario-calendario-escolar\/\">Horario y calendario escolar<\/a><\/li>\n<li id=\"menu-item-1466\" class=\"menu-item menu-item-type-post_type menu-item-object-page menu-item-1466\"><a href=\"https:\/\/www.durangojesuitak.org\/es\/educacion-infantil-0-6\/estilo-docente\/\">Estilo docente<\/a><\/li>\n<li id=\"menu-item-1467\" class=\"menu-item menu-item-type-post_type menu-item-object-page menu-item-1467\"><a href=\"https:\/\/www.durangojesuitak.org\/es\/educacion-infantil-0-6\/profesorado\/\">Profesorado<\/a><\/li>\n<li id=\"menu-item-1468\" class=\"menu-item menu-item-type-post_type menu-item-object-page menu-item-1468\"><a href=\"https:\/\/www.durangojesuitak.org\/es\/educacion-infantil-0-6\/atencion-diversidad\/\">Atenci\u00f3n a la diversidad<\/a><\/li>\n<li id=\"menu-item-3226\" class=\"menu-item menu-item-type-post_type menu-item-object-page menu-item-3226\"><a href=\"https:\/\/www.durangojesuitak.org\/es\/educacion-infantil-0-6\/paraescolares\/\">Paraescolares<\/a><\/li>\n<li id=\"menu-item-1470\" class=\"menu-item menu-item-type-post_type menu-item-object-page menu-item-1470\"><a href=\"https:\/\/www.durangojesuitak.org\/es\/educacion-infantil-0-6\/repositorio\/\">Repositorio<\/a><\/li>\n<\/ul>\n                                                                    <a href=\"https:\/\/www.durangojesuitak.org\/es\/contacto\/\" class=\"boton\">Contacto<\/a>\n                                \n                            <\/nav>\n\n                        \n                    <\/div>\n                <\/div>\n\n                <div class=\"largo\">\n\n                    \n\n<section class=\"seccion seccion-contenedor\n                                \" \n    style=\"background-color: ; color: ;\">\n    <div class=\"contenedor  \">\n        <div class=\"margen swing swing--opacity\">\n\n                            <div class=\"left\">\n\n                    <div class=\"texto\">\n                        \n\n    <h1        class=\"block-texto\n        h1        no-centrado        no-mayusculas                            \">Profesorado de la Educaci\u00f3n Infantil    <\/h1>\n\n\n                    <\/div>\n\n                <\/div>\n            \n            <div class=\"right\">\n\n                \n            <\/div>\n\n            \n        <\/div>\n    <\/div>\n\n\n    \n    \n<\/section>\n\n\n<section class=\"seccion seccion-contenedor\n                                \" \n    style=\"background-color: ; color: ;\">\n    <div class=\"contenedor  \">\n        <div class=\"margen swing swing--opacity\">\n\n                            <div class=\"left\">\n\n                    <div class=\"texto\">\n                        \n\n    <h2        class=\"block-texto\n        h2        no-centrado        no-mayusculas                            \">Profesorado de Educaci\u00f3n Infantil (0-6 a\u00f1os)    <\/h2>\n\n\n\n\n<p><meta charset=\"utf-8\"\/>Conoce a nuestro profesorado de Educaci\u00f3n Infantil.<\/p>\n\n\n\n    <h5        class=\"block-texto\n        h4        no-centrado        no-mayusculas        more-margin                    \">Coordinador pedag\u00f3gico de Edufcaci\u00f3n Infantil    <\/h5>\n\n\n\n<section class=\"seccion seccion-profesorado\">\n    <div class=\"contenedor\">\n        <div class=\"margen\">\n\n            <div class=\"grid posts\">\n\n                                                            \n                        <div class=\"profesor swing swing--opacity\">\n\n                                                            <div class=\"imagen\">\n                                    <img decoding=\"async\" src=\"https:\/\/www.durangojesuitak.org\/wp-content\/uploads\/2022\/11\/Jon-Ander-Davila-Prieto.jpg\" alt=\"Jon Ander Davila Prieto\" \/>\n                                <\/div>\n                            \n                                                            <span class=\"nombre\"><strong>Jon Ander Davila<\/strong><\/span>\n                            \n                            \n                        <\/div>\n\n                                    \n            <\/div>\n\n        <\/div>\n    <\/div>\n<\/section>\n\n\n\n    \n<div class=\"espaciador\" style=\"margin: 40px 0;\">\n<div class=\"block-about__content\">\n\t\t\t\t\t<\/div>\n<\/div>\n\n\n    <h5        class=\"block-texto\n        h4        no-centrado        no-mayusculas        more-margin                    \">Coordinadora de Educaci\u00f3n Infantil    <\/h5>\n\n\n\n<section class=\"seccion seccion-profesorado\">\n    <div class=\"contenedor\">\n        <div class=\"margen\">\n\n            <div class=\"grid posts\">\n\n                                                            \n                        <div class=\"profesor swing swing--opacity\">\n\n                                                            <div class=\"imagen\">\n                                    <img decoding=\"async\" src=\"https:\/\/www.durangojesuitak.org\/wp-content\/uploads\/2022\/11\/Amaia-Iturrate-Cenitagoia.jpg\" alt=\"Amaia Iturrate Cenitagoia\" \/>\n                                <\/div>\n                            \n                                                            <span class=\"nombre\"><strong>Amaia Iturrate Cenitagoia<\/strong><\/span>\n                            \n                            \n                        <\/div>\n\n                                    \n            <\/div>\n\n        <\/div>\n    <\/div>\n<\/section>\n\n\n\n    \n<div class=\"espaciador\" style=\"margin: 40px 0;\">\n<div class=\"block-about__content\">\n\t\t\t\t\t<\/div>\n<\/div>\n\n\n    <h5        class=\"block-texto\n        h4        no-centrado        no-mayusculas        more-margin                    \">Tutores 0-2    <\/h5>\n\n\n\n<section class=\"seccion seccion-profesorado\">\n    <div class=\"contenedor\">\n        <div class=\"margen\">\n\n            <div class=\"grid posts\">\n\n                                                            \n                        <div class=\"profesor swing swing--opacity\">\n\n                                                            <div class=\"imagen\">\n                                    <img decoding=\"async\" src=\"https:\/\/www.durangojesuitak.org\/wp-content\/uploads\/2023\/01\/Mapi-Zugazartaza.jpg\" alt=\"Mapi Zugazartaza\" \/>\n                                <\/div>\n                            \n                                                            <span class=\"nombre\"><strong>Maria Pilar Zugazartaza<\/strong><\/span>\n                            \n                            \n                        <\/div>\n\n                                            \n                        <div class=\"profesor swing swing--opacity\">\n\n                                                            <div class=\"imagen\">\n                                    <img decoding=\"async\" src=\"https:\/\/www.durangojesuitak.org\/wp-content\/uploads\/2023\/01\/Marta-Eguen-Artaloitia.jpg\" alt=\"\" \/>\n                                <\/div>\n                            \n                                                            <span class=\"nombre\"><strong>Marta Eguen Artaloitia<\/strong><\/span>\n                            \n                            \n                        <\/div>\n\n                                            \n                        <div class=\"profesor swing swing--opacity\">\n\n                                                            <div class=\"imagen\">\n                                    <img decoding=\"async\" src=\"https:\/\/www.durangojesuitak.org\/wp-content\/uploads\/2022\/11\/Irene-Uriarte-Basaguren.jpg\" alt=\"Irene Uriarte Basaguren\" \/>\n                                <\/div>\n                            \n                                                            <span class=\"nombre\"><strong>Irene Uriarte Basaguren<\/strong><\/span>\n                            \n                            \n                        <\/div>\n\n                                            \n                        <div class=\"profesor swing swing--opacity\">\n\n                                                            <div class=\"imagen\">\n                                    <img decoding=\"async\" src=\"https:\/\/www.durangojesuitak.org\/wp-content\/uploads\/2022\/11\/Alazne-Azpitarte-Arruabarrena.jpg\" alt=\"Alazne Azpitarte Arruabarrena\" \/>\n                                <\/div>\n                            \n                                                            <span class=\"nombre\"><strong>Alazne Azpitarte Arruabarrena<\/strong><\/span>\n                            \n                            \n                        <\/div>\n\n                                            \n                        <div class=\"profesor swing swing--opacity\">\n\n                                                            <div class=\"imagen\">\n                                    <img decoding=\"async\" src=\"https:\/\/www.durangojesuitak.org\/wp-content\/uploads\/2023\/01\/imagen-profesores.jpg\" alt=\"\" \/>\n                                <\/div>\n                            \n                                                            <span class=\"nombre\"><strong>Alazne Zabala Abarategui<\/strong><\/span>\n                            \n                            \n                        <\/div>\n\n                                            \n                        <div class=\"profesor swing swing--opacity\">\n\n                            \n                            \n                            \n                        <\/div>\n\n                                    \n            <\/div>\n\n        <\/div>\n    <\/div>\n<\/section>\n\n\n\n    \n<div class=\"espaciador\" style=\"margin: 40px 0;\">\n<div class=\"block-about__content\">\n\t\t\t\t\t<\/div>\n<\/div>\n\n\n    <h5        class=\"block-texto\n        h4        no-centrado        no-mayusculas        more-margin                    \">Tutores 3-6    <\/h5>\n\n\n\n<section class=\"seccion seccion-profesorado\">\n    <div class=\"contenedor\">\n        <div class=\"margen\">\n\n            <div class=\"grid posts\">\n\n                                                            \n                        <div class=\"profesor swing swing--opacity\">\n\n                                                            <div class=\"imagen\">\n                                    <img decoding=\"async\" src=\"https:\/\/www.durangojesuitak.org\/wp-content\/uploads\/2022\/11\/Garaitz-Zabala-Sarakondegi.jpg\" alt=\"Garaitz Zabala Sarakondegi\" \/>\n                                <\/div>\n                            \n                                                            <span class=\"nombre\"><strong>Garaitz Zabala Sarakondegi<\/strong><\/span>\n                            \n                            \n                        <\/div>\n\n                                            \n                        <div class=\"profesor swing swing--opacity\">\n\n                                                            <div class=\"imagen\">\n                                    <img decoding=\"async\" src=\"https:\/\/www.durangojesuitak.org\/wp-content\/uploads\/2022\/11\/Eukene-Arando-Zarraga.jpg\" alt=\"Eukene Arando Zarraga\" \/>\n                                <\/div>\n                            \n                                                            <span class=\"nombre\"><strong>Eukene Arando Zarraga<\/strong><\/span>\n                            \n                            \n                        <\/div>\n\n                                            \n                        <div class=\"profesor swing swing--opacity\">\n\n                                                            <div class=\"imagen\">\n                                    <img decoding=\"async\" src=\"https:\/\/www.durangojesuitak.org\/wp-content\/uploads\/2022\/11\/Bea-Aguirrebeitia-Maiztegi.jpg\" alt=\"Bea Aguirrebeitia Maiztegi\" \/>\n                                <\/div>\n                            \n                                                            <span class=\"nombre\"><strong>Beatriz Aguirrebeitia Maiztegi<\/strong><\/span>\n                            \n                            \n                        <\/div>\n\n                                            \n                        <div class=\"profesor swing swing--opacity\">\n\n                                                            <div class=\"imagen\">\n                                    <img decoding=\"async\" src=\"https:\/\/www.durangojesuitak.org\/wp-content\/uploads\/2022\/11\/Aintzane-Larrinaga-Gallastegi.jpg\" alt=\"Aintzane Larrinaga Gallastegi\" \/>\n                                <\/div>\n                            \n                                                            <span class=\"nombre\"><strong>Aintzane Larrinaga Gallastegi<\/strong><\/span>\n                            \n                            \n                        <\/div>\n\n                                            \n                        <div class=\"profesor swing swing--opacity\">\n\n                                                            <div class=\"imagen\">\n                                    <img decoding=\"async\" src=\"https:\/\/www.durangojesuitak.org\/wp-content\/uploads\/2022\/11\/Zihortza-Irazabal-Olarreta.jpg\" alt=\"Zihortza Irazabal Olarreta\" \/>\n                                <\/div>\n                            \n                                                            <span class=\"nombre\"><strong>Zihortza Irazabal Olarreta<\/strong><\/span>\n                            \n                            \n                        <\/div>\n\n                                            \n                        <div class=\"profesor swing swing--opacity\">\n\n                                                            <div class=\"imagen\">\n                                    <img decoding=\"async\" src=\"https:\/\/www.durangojesuitak.org\/wp-content\/uploads\/2022\/11\/Lukene-Juarez-Iturriaga.jpg\" alt=\"Lukene Juarez Iturriaga\" \/>\n                                <\/div>\n                            \n                                                            <span class=\"nombre\"><strong>Lukene Juarez Iturriaga<\/strong><\/span>\n                            \n                            \n                        <\/div>\n\n                                    \n            <\/div>\n\n        <\/div>\n    <\/div>\n<\/section>\n\n\n    <h5        class=\"block-texto\n        h4        no-centrado        no-mayusculas        more-margin                    \">Profesores de ingl\u00e9s    <\/h5>\n\n\n\n<section class=\"seccion seccion-profesorado\">\n    <div class=\"contenedor\">\n        <div class=\"margen\">\n\n            <div class=\"grid posts\">\n\n                                                            \n                        <div class=\"profesor swing swing--opacity\">\n\n                                                            <div class=\"imagen\">\n                                    <img decoding=\"async\" src=\"https:\/\/www.durangojesuitak.org\/wp-content\/uploads\/2022\/11\/Lukene-Juarez-Iturriaga.jpg\" alt=\"Lukene Juarez Iturriaga\" \/>\n                                <\/div>\n                            \n                                                            <span class=\"nombre\"><strong>Lukene Juarez Iturriaga<\/strong><\/span>\n                            \n                            \n                        <\/div>\n\n                                            \n                        <div class=\"profesor swing swing--opacity\">\n\n                                                            <div class=\"imagen\">\n                                    <img decoding=\"async\" src=\"https:\/\/www.durangojesuitak.org\/wp-content\/uploads\/2022\/11\/Amaia-Iturrate-Cenitagoia.jpg\" alt=\"Amaia Iturrate Cenitagoia\" \/>\n                                <\/div>\n                            \n                                                            <span class=\"nombre\"><strong>Amaia Iturrate Cenitagoia<\/strong><\/span>\n                            \n                            \n                        <\/div>\n\n                                    \n            <\/div>\n\n        <\/div>\n    <\/div>\n<\/section>\n\n\n    <h5        class=\"block-texto\n        h4        no-centrado        no-mayusculas        more-margin                    \">Equipo pedag\u00f3gico para la atenci\u00f3n al alumnado con necesidades especiales    <\/h5>\n\n\n\n<section class=\"seccion seccion-profesorado\">\n    <div class=\"contenedor\">\n        <div class=\"margen\">\n\n            <div class=\"grid posts\">\n\n                                                            \n                        <div class=\"profesor swing swing--opacity\">\n\n                                                            <div class=\"imagen\">\n                                    <img decoding=\"async\" src=\"https:\/\/www.durangojesuitak.org\/wp-content\/uploads\/2023\/01\/Sheila-Rodriguez-Lopez.jpg\" alt=\"Sheila Rodriguez Lopez\" \/>\n                                <\/div>\n                            \n                                                            <span class=\"nombre\"><strong>Sheila Rodr\u00edguez L\u00f3pez<\/strong><\/span>\n                            \n                            \n                        <\/div>\n\n                                    \n            <\/div>\n\n        <\/div>\n    <\/div>\n<\/section>\n\n\n\n    \n<div class=\"espaciador\" style=\"margin: 120px 0;\">\n<div class=\"block-about__content\">\n\t\t\t\t\t<\/div>\n<\/div>\n                    <\/div>\n\n                <\/div>\n            \n            <div class=\"right\">\n\n                \n            <\/div>\n\n            \n        <\/div>\n    <\/div>\n\n\n    \n    \n<\/section>\n\n\n                <\/div>\n\n            <\/div>\n\n        <\/div>\n    <\/div>\n<\/section>\n\n<section class=\"section-cta swing swing--up change-order\" style=\"background-color: #d8e3e7; color: #132c33; \">\n    <div class=\"cta-container\">\n\n        <div class=\"left-column\">\n                            <h3>Matriculaci\u00f3n Educaci\u00f3n Infantil 0-6<\/h3>\n            \n                            <h4>Solicita ahora una visita personalizada.<\/h4>\n            \n                            <p>En Jesuitak Durango creemos en una educaci\u00f3n individualizada, formando a personas \u00fanicas. Conoce el centro, las instalaciones y a los profesores.<\/p>\n            \n                            <a href=\"https:\/\/www.durangojesuitak.org\/es\/matriculacion-abierta-educacion-infantil\/\" target=\"_blank\" class=\"button\">\n                    Recibir m\u00e1s informaci\u00f3n                <\/a>\n                    <\/div>\n        \n        <div class=\"right-column\">\n                            <img decoding=\"async\" src=\"https:\/\/www.durangojesuitak.org\/wp-content\/uploads\/2022\/11\/jesuitakfotos-71.jpg\" alt=\"\" \/>\n                    <\/div>\n\n    <\/div>\n<\/section>\n\n<section class=\"section-cta swing swing--up \" style=\"background-color: #d8e3e7; color: #132c33; \">\n    <div class=\"cta-container\">\n\n        <div class=\"left-column\">\n                            <h3>Folleto Educaci\u00f3n Infantil 0-6<\/h3>\n            \n                            <h4>Educar, crecer, vivir para el futuro.<\/h4>\n            \n                            <p>Hemos creado este folleto para ti y tu familia, para que conozcas un poquito m\u00e1s sobre Jesuitak Durango.<\/p>\n            \n                            <a href=\"https:\/\/www.durangojesuitak.org\/wp-content\/uploads\/2025\/06\/educacion_Infantil_Jesuitak_Durango.pdf\" target=\"_blank\" class=\"button\">\n                    Descargar                <\/a>\n                    <\/div>\n        \n        <div class=\"right-column\">\n                            <img decoding=\"async\" src=\"https:\/\/www.durangojesuitak.org\/wp-content\/uploads\/2025\/06\/portada-folleto.jpg\" alt=\"\" \/>\n                    <\/div>\n\n    <\/div>\n<\/section>","protected":false},"excerpt":{"rendered":"","protected":false},"author":1,"featured_media":0,"parent":2197,"menu_order":110,"comment_status":"closed","ping_status":"closed","template":"","meta":{"_acf_changed":true,"inline_featured_image":false,"footnotes":""},"class_list":["post-1324","page","type-page","status-publish","hentry"],"acf":[],"yoast_head":"<!-- This site is optimized with the Yoast SEO plugin v26.9 - https:\/\/yoast.com\/product\/yoast-seo-wordpress\/ -->\n<title>Profesorado de la Educaci\u00f3n Infantil | Jesuitak Durango<\/title>\n<meta name=\"description\" content=\"En Jesuitak Durango creemos en una educaci\u00f3n individualizada, formando a personas \u00fanicas. Conoce el centro, las instalaciones y a los profesores.\" \/>\n<meta name=\"robots\" content=\"index, follow, max-snippet:-1, max-image-preview:large, max-video-preview:-1\" \/>\n<link rel=\"canonical\" href=\"https:\/\/www.durangojesuitak.org\/es\/educacion-infantil-0-6\/profesorado\/\" \/>\n<meta property=\"og:locale\" content=\"es_ES\" \/>\n<meta property=\"og:type\" content=\"article\" \/>\n<meta property=\"og:title\" content=\"Profesorado de la Educaci\u00f3n Infantil | Jesuitak Durango\" \/>\n<meta property=\"og:description\" content=\"En Jesuitak Durango creemos en una educaci\u00f3n individualizada, formando a personas \u00fanicas. Conoce el centro, las instalaciones y a los profesores.\" \/>\n<meta property=\"og:url\" content=\"https:\/\/www.durangojesuitak.org\/es\/educacion-infantil-0-6\/profesorado\/\" \/>\n<meta property=\"og:site_name\" content=\"Durango Jesuitak\" \/>\n<meta property=\"article:modified_time\" content=\"2025-09-08T09:45:04+00:00\" \/>\n<meta name=\"twitter:card\" content=\"summary_large_image\" \/>\n<meta name=\"twitter:label1\" content=\"Tiempo de lectura\" \/>\n\t<meta name=\"twitter:data1\" content=\"1 minuto\" \/>\n<script type=\"application\/ld+json\" class=\"yoast-schema-graph\">{\"@context\":\"https:\/\/schema.org\",\"@graph\":[{\"@type\":\"WebPage\",\"@id\":\"https:\/\/www.durangojesuitak.org\/es\/educacion-infantil-0-6\/profesorado\/\",\"url\":\"https:\/\/www.durangojesuitak.org\/es\/educacion-infantil-0-6\/profesorado\/\",\"name\":\"Profesorado de la Educaci\u00f3n Infantil | Jesuitak Durango\",\"isPartOf\":{\"@id\":\"https:\/\/www.durangojesuitak.org\/#website\"},\"datePublished\":\"2021-12-16T11:25:03+00:00\",\"dateModified\":\"2025-09-08T09:45:04+00:00\",\"description\":\"En Jesuitak Durango creemos en una educaci\u00f3n individualizada, formando a personas \u00fanicas. Conoce el centro, las instalaciones y a los profesores.\",\"breadcrumb\":{\"@id\":\"https:\/\/www.durangojesuitak.org\/es\/educacion-infantil-0-6\/profesorado\/#breadcrumb\"},\"inLanguage\":\"es\",\"potentialAction\":[{\"@type\":\"ReadAction\",\"target\":[\"https:\/\/www.durangojesuitak.org\/es\/educacion-infantil-0-6\/profesorado\/\"]}]},{\"@type\":\"BreadcrumbList\",\"@id\":\"https:\/\/www.durangojesuitak.org\/es\/educacion-infantil-0-6\/profesorado\/#breadcrumb\",\"itemListElement\":[{\"@type\":\"ListItem\",\"position\":1,\"name\":\"Home\",\"item\":\"https:\/\/www.durangojesuitak.org\/es\/\"},{\"@type\":\"ListItem\",\"position\":2,\"name\":\"Educaci\u00f3n infantil 0-6\",\"item\":\"https:\/\/www.durangojesuitak.org\/es\/educacion-infantil-0-6\/\"},{\"@type\":\"ListItem\",\"position\":3,\"name\":\"Educaci\u00f3n Infantil 0-6 Profesorado\"}]},{\"@type\":\"WebSite\",\"@id\":\"https:\/\/www.durangojesuitak.org\/#website\",\"url\":\"https:\/\/www.durangojesuitak.org\/\",\"name\":\"Durango Jesuitak\",\"description\":\"\",\"publisher\":{\"@id\":\"https:\/\/www.durangojesuitak.org\/#organization\"},\"potentialAction\":[{\"@type\":\"SearchAction\",\"target\":{\"@type\":\"EntryPoint\",\"urlTemplate\":\"https:\/\/www.durangojesuitak.org\/?s={search_term_string}\"},\"query-input\":{\"@type\":\"PropertyValueSpecification\",\"valueRequired\":true,\"valueName\":\"search_term_string\"}}],\"inLanguage\":\"es\"},{\"@type\":\"Organization\",\"@id\":\"https:\/\/www.durangojesuitak.org\/#organization\",\"name\":\"Jesuitak Durango\",\"url\":\"https:\/\/www.durangojesuitak.org\/\",\"logo\":{\"@type\":\"ImageObject\",\"inLanguage\":\"es\",\"@id\":\"https:\/\/www.durangojesuitak.org\/#\/schema\/logo\/image\/\",\"url\":\"https:\/\/www.durangojesuitak.org\/wp-content\/uploads\/2022\/11\/cropped-Jesuitak-Durango-1.png\",\"contentUrl\":\"https:\/\/www.durangojesuitak.org\/wp-content\/uploads\/2022\/11\/cropped-Jesuitak-Durango-1.png\",\"width\":512,\"height\":512,\"caption\":\"Jesuitak Durango\"},\"image\":{\"@id\":\"https:\/\/www.durangojesuitak.org\/#\/schema\/logo\/image\/\"}}]}<\/script>\n<!-- \/ Yoast SEO plugin. -->","yoast_head_json":{"title":"Profesorado de la Educaci\u00f3n Infantil | Jesuitak Durango","description":"En Jesuitak Durango creemos en una educaci\u00f3n individualizada, formando a personas \u00fanicas. Conoce el centro, las instalaciones y a los profesores.","robots":{"index":"index","follow":"follow","max-snippet":"max-snippet:-1","max-image-preview":"max-image-preview:large","max-video-preview":"max-video-preview:-1"},"canonical":"https:\/\/www.durangojesuitak.org\/es\/educacion-infantil-0-6\/profesorado\/","og_locale":"es_ES","og_type":"article","og_title":"Profesorado de la Educaci\u00f3n Infantil | Jesuitak Durango","og_description":"En Jesuitak Durango creemos en una educaci\u00f3n individualizada, formando a personas \u00fanicas. Conoce el centro, las instalaciones y a los profesores.","og_url":"https:\/\/www.durangojesuitak.org\/es\/educacion-infantil-0-6\/profesorado\/","og_site_name":"Durango Jesuitak","article_modified_time":"2025-09-08T09:45:04+00:00","twitter_card":"summary_large_image","twitter_misc":{"Tiempo de lectura":"1 minuto"},"schema":{"@context":"https:\/\/schema.org","@graph":[{"@type":"WebPage","@id":"https:\/\/www.durangojesuitak.org\/es\/educacion-infantil-0-6\/profesorado\/","url":"https:\/\/www.durangojesuitak.org\/es\/educacion-infantil-0-6\/profesorado\/","name":"Profesorado de la Educaci\u00f3n Infantil | Jesuitak Durango","isPartOf":{"@id":"https:\/\/www.durangojesuitak.org\/#website"},"datePublished":"2021-12-16T11:25:03+00:00","dateModified":"2025-09-08T09:45:04+00:00","description":"En Jesuitak Durango creemos en una educaci\u00f3n individualizada, formando a personas \u00fanicas. Conoce el centro, las instalaciones y a los profesores.","breadcrumb":{"@id":"https:\/\/www.durangojesuitak.org\/es\/educacion-infantil-0-6\/profesorado\/#breadcrumb"},"inLanguage":"es","potentialAction":[{"@type":"ReadAction","target":["https:\/\/www.durangojesuitak.org\/es\/educacion-infantil-0-6\/profesorado\/"]}]},{"@type":"BreadcrumbList","@id":"https:\/\/www.durangojesuitak.org\/es\/educacion-infantil-0-6\/profesorado\/#breadcrumb","itemListElement":[{"@type":"ListItem","position":1,"name":"Home","item":"https:\/\/www.durangojesuitak.org\/es\/"},{"@type":"ListItem","position":2,"name":"Educaci\u00f3n infantil 0-6","item":"https:\/\/www.durangojesuitak.org\/es\/educacion-infantil-0-6\/"},{"@type":"ListItem","position":3,"name":"Educaci\u00f3n Infantil 0-6 Profesorado"}]},{"@type":"WebSite","@id":"https:\/\/www.durangojesuitak.org\/#website","url":"https:\/\/www.durangojesuitak.org\/","name":"Durango Jesuitak","description":"","publisher":{"@id":"https:\/\/www.durangojesuitak.org\/#organization"},"potentialAction":[{"@type":"SearchAction","target":{"@type":"EntryPoint","urlTemplate":"https:\/\/www.durangojesuitak.org\/?s={search_term_string}"},"query-input":{"@type":"PropertyValueSpecification","valueRequired":true,"valueName":"search_term_string"}}],"inLanguage":"es"},{"@type":"Organization","@id":"https:\/\/www.durangojesuitak.org\/#organization","name":"Jesuitak Durango","url":"https:\/\/www.durangojesuitak.org\/","logo":{"@type":"ImageObject","inLanguage":"es","@id":"https:\/\/www.durangojesuitak.org\/#\/schema\/logo\/image\/","url":"https:\/\/www.durangojesuitak.org\/wp-content\/uploads\/2022\/11\/cropped-Jesuitak-Durango-1.png","contentUrl":"https:\/\/www.durangojesuitak.org\/wp-content\/uploads\/2022\/11\/cropped-Jesuitak-Durango-1.png","width":512,"height":512,"caption":"Jesuitak Durango"},"image":{"@id":"https:\/\/www.durangojesuitak.org\/#\/schema\/logo\/image\/"}}]}},"_links":{"self":[{"href":"https:\/\/www.durangojesuitak.org\/es\/wp-json\/wp\/v2\/pages\/1324","targetHints":{"allow":["GET"]}}],"collection":[{"href":"https:\/\/www.durangojesuitak.org\/es\/wp-json\/wp\/v2\/pages"}],"about":[{"href":"https:\/\/www.durangojesuitak.org\/es\/wp-json\/wp\/v2\/types\/page"}],"author":[{"embeddable":true,"href":"https:\/\/www.durangojesuitak.org\/es\/wp-json\/wp\/v2\/users\/1"}],"replies":[{"embeddable":true,"href":"https:\/\/www.durangojesuitak.org\/es\/wp-json\/wp\/v2\/comments?post=1324"}],"version-history":[{"count":15,"href":"https:\/\/www.durangojesuitak.org\/es\/wp-json\/wp\/v2\/pages\/1324\/revisions"}],"predecessor-version":[{"id":10993,"href":"https:\/\/www.durangojesuitak.org\/es\/wp-json\/wp\/v2\/pages\/1324\/revisions\/10993"}],"up":[{"embeddable":true,"href":"https:\/\/www.durangojesuitak.org\/es\/wp-json\/wp\/v2\/pages\/2197"}],"wp:attachment":[{"href":"https:\/\/www.durangojesuitak.org\/es\/wp-json\/wp\/v2\/media?parent=1324"}],"curies":[{"name":"wp","href":"https:\/\/api.w.org\/{rel}","templated":true}]}}