{"id":671,"date":"2021-10-04T13:13:49","date_gmt":"2021-10-04T11:13:49","guid":{"rendered":"https:\/\/durangojesuitak.somoswoko.com\/?page_id=671"},"modified":"2024-09-10T12:44:04","modified_gmt":"2024-09-10T10:44:04","slug":"estilo-docente","status":"publish","type":"page","link":"https:\/\/www.durangojesuitak.org\/es\/primaria\/estilo-docente\/","title":{"rendered":"Estilo docente"},"content":{"rendered":"\n<section class=\"seccion seccion-contenedor\n        centrado            fondo interior            divisor\" \n    style=\"background-color: ; color: ;\">\n    <div class=\"contenedor  \">\n        <div class=\"margen swing swing--opacity\">\n\n                            <div class=\"left\">\n\n                    <div class=\"texto\">\n                        \n\n    <p class=\"block-texto swing swing--opacity hero-display centrado mayusculas  \">Primaria<\/p>\n\n\n                    <\/div>\n\n                <\/div>\n            \n            <div class=\"right\">\n\n                \n            <\/div>\n\n            \n        <\/div>\n    <\/div>\n\n\n            <div class=\"fondo\">\n            <img decoding=\"async\" src=\"https:\/\/www.durangojesuitak.org\/wp-content\/uploads\/2022\/11\/primaria-jesuitak-durango-1024x429.jpg\" alt=\"Estilo docente\"\/>\n        <\/div>\n        \n    \n<\/section>\n\n<section class=\"seccion seccion-menu-lateral\">\n    <div class=\"contenedor\">\n        <div class=\"margen\">\n\n            <div class=\"paralelo\">\n\n                <div class=\"corto\">\n                    <div>\n\n                        \t\n                            <nav class=\"menu\">\n\n                                <span class=\"titulo\">Primaria<\/span>\n\n                                <ul id=\"menu-primaria\" class=\"menu\"><li id=\"menu-item-840\" class=\"menu-item menu-item-type-post_type menu-item-object-page menu-item-840\"><a href=\"https:\/\/www.durangojesuitak.org\/es\/primaria\/proyecto-pedagogico\/\">Proyecto pedag\u00f3gico<\/a><\/li>\n<li id=\"menu-item-841\" class=\"menu-item menu-item-type-post_type menu-item-object-page menu-item-841\"><a href=\"https:\/\/www.durangojesuitak.org\/es\/primaria\/horario-calendario-escolar\/\">Horario y calendario escolar<\/a><\/li>\n<li id=\"menu-item-842\" class=\"menu-item menu-item-type-post_type menu-item-object-page menu-item-842\"><a href=\"https:\/\/www.durangojesuitak.org\/es\/primaria\/estilo-docente\/\">Estilo docente<\/a><\/li>\n<li id=\"menu-item-2060\" class=\"menu-item menu-item-type-post_type menu-item-object-page menu-item-2060\"><a href=\"https:\/\/www.durangojesuitak.org\/es\/primaria\/profesorado\/\">Profesorado<\/a><\/li>\n<li id=\"menu-item-844\" class=\"menu-item menu-item-type-post_type menu-item-object-page menu-item-844\"><a href=\"https:\/\/www.durangojesuitak.org\/es\/primaria\/atencion-diversidad\/\">Atenci\u00f3n a la diversidad<\/a><\/li>\n<li id=\"menu-item-3242\" class=\"menu-item menu-item-type-post_type menu-item-object-page menu-item-3242\"><a href=\"https:\/\/www.durangojesuitak.org\/es\/primaria\/paraescolares\/\">Paraescolares<\/a><\/li>\n<li id=\"menu-item-845\" class=\"menu-item menu-item-type-post_type menu-item-object-page menu-item-845\"><a href=\"https:\/\/www.durangojesuitak.org\/es\/primaria\/repositorio\/\">Repositorio<\/a><\/li>\n<\/ul>\n                                                                    <a href=\"https:\/\/www.durangojesuitak.org\/es\/contacto\/\" class=\"boton\">Contacto<\/a>\n                                \n                            <\/nav>\n\n                        \n                    <\/div>\n                <\/div>\n\n                <div class=\"largo\">\n\n                    \n\n<section class=\"seccion seccion-contenedor\n                                \" \n    style=\"background-color: ; color: ;\">\n    <div class=\"contenedor  \">\n        <div class=\"margen swing swing--opacity\">\n\n                            <div class=\"left\">\n\n                    <div class=\"texto\">\n                        \n\n    <h1        class=\"block-texto\n        h1        no-centrado        no-mayusculas                            \">Estilo docente    <\/h1>\n\n\n\n\n    <p class=\"block-texto swing swing--opacity entry no-centrado no-mayusculas  \">Entre los ciclos de Educaci\u00f3n Primaria se busca una evoluci\u00f3n natural, coherente y escalonada de las competencias y capacidades de cada alumno y alumna. Con un profesorado cercano y pendiente de las necesidades de cada uno de ellos.<\/p>\n\n\n\n\n<div class=\"desplegable desplegado\">\n\n\n\n\n    <p class=\"titulo\">Primer ciclo: espacios y proyectos<\/p>\n\n    <div class=\"texto\">\n        \n\n<p>Las aulas son espacios abiertos y con gran diversidad, que ofrecen la posibilidad de hacer varias cosas en un mismo lugar.&nbsp;<\/p>\n\n\n\n<p>Por un lado, trabajamos las competencias en diferentes zonas educativas y trabajando con grupos peque\u00f1os que van variando. Gracias a ello<strong>, logramos despertar y mantener la atenci\u00f3n y motivaci\u00f3n<\/strong> del alumnado.&nbsp;<\/p>\n\n\n\n<p>Por otro lado, trabajamos por <strong>proyectos (PBL &#8211; Project-based learning)<\/strong> utilizando estructuras de aprendizaje cooperativo y fomentando la experimentaci\u00f3n activa.&nbsp;<\/p>\n\n\n\n<p>Partimos de la realidad cercana del alumno o alumna, con el objetivo de <strong>entender y respetar nuestro medio ambiente<\/strong>.<\/p>\n\n\n\n<p>Como actividad diferencial, en el nivel 2 desarrollamos la autonom\u00eda y aprendizaje de motivaci\u00f3n del alumnado mediante actividades deportivas.<\/p>\n\n\n<section class=\"seccion-galeria\">\n    <div class=\"contenedor\">\n        <div class=\"margen\">\n\n            <div class=\"texto\">\n                \n            <\/div>\n                   \n            <div class=\"galeria subseccion\">\n\n                                                            <figure class=\"galeria-item swing swing--opacity\">\n                            <a href=\"https:\/\/www.durangojesuitak.org\/wp-content\/uploads\/2022\/11\/proyecto-educativo-educacion-infantil-0-6-jesuitak-durango-9.jpg\" data-lightbox=\"seccion-galeria--4417\">\n                                <img decoding=\"async\" src=\"https:\/\/www.durangojesuitak.org\/wp-content\/uploads\/2022\/11\/proyecto-educativo-educacion-infantil-0-6-jesuitak-durango-9-1024x683.jpg\" alt=\"\"\/>\n                            <\/a>\n                        <\/figure>\n                                            <figure class=\"galeria-item swing swing--opacity\">\n                            <a href=\"https:\/\/www.durangojesuitak.org\/wp-content\/uploads\/2022\/11\/estilo-docente-primaria-jesuitak-durango-10.jpg\" data-lightbox=\"seccion-galeria--4413\">\n                                <img decoding=\"async\" src=\"https:\/\/www.durangojesuitak.org\/wp-content\/uploads\/2022\/11\/estilo-docente-primaria-jesuitak-durango-10-1024x683.jpg\" alt=\"\"\/>\n                            <\/a>\n                        <\/figure>\n                                            <figure class=\"galeria-item swing swing--opacity\">\n                            <a href=\"https:\/\/www.durangojesuitak.org\/wp-content\/uploads\/2022\/11\/jesuitak-89.jpg\" data-lightbox=\"seccion-galeria--4798\">\n                                <img decoding=\"async\" src=\"https:\/\/www.durangojesuitak.org\/wp-content\/uploads\/2022\/11\/jesuitak-89-1024x683.jpg\" alt=\"estilo-docente-primaria-deporte-jesuitak-durango\"\/>\n                            <\/a>\n                        <\/figure>\n                                            <figure class=\"galeria-item swing swing--opacity\">\n                            <a href=\"https:\/\/www.durangojesuitak.org\/wp-content\/uploads\/2022\/11\/estilo-docente-primaria-jesuitak-durango-9.jpg\" data-lightbox=\"seccion-galeria--4415\">\n                                <img decoding=\"async\" src=\"https:\/\/www.durangojesuitak.org\/wp-content\/uploads\/2022\/11\/estilo-docente-primaria-jesuitak-durango-9-1024x683.jpg\" alt=\"\"\/>\n                            <\/a>\n                        <\/figure>\n                                            <figure class=\"galeria-item swing swing--opacity\">\n                            <a href=\"https:\/\/www.durangojesuitak.org\/wp-content\/uploads\/2022\/11\/estilo-docente-primaria-jesuitak-durango-4.jpg\" data-lightbox=\"seccion-galeria--4425\">\n                                <img decoding=\"async\" src=\"https:\/\/www.durangojesuitak.org\/wp-content\/uploads\/2022\/11\/estilo-docente-primaria-jesuitak-durango-4-1024x683.jpg\" alt=\"\"\/>\n                            <\/a>\n                        <\/figure>\n                                            <figure class=\"galeria-item swing swing--opacity\">\n                            <a href=\"https:\/\/www.durangojesuitak.org\/wp-content\/uploads\/2022\/11\/estilo-docente-primaria-jesuitak-durango-2.jpg\" data-lightbox=\"seccion-galeria--4429\">\n                                <img decoding=\"async\" src=\"https:\/\/www.durangojesuitak.org\/wp-content\/uploads\/2022\/11\/estilo-docente-primaria-jesuitak-durango-2-1024x683.jpg\" alt=\"\"\/>\n                            <\/a>\n                        <\/figure>\n                                    \n            <\/div>\n\n        <\/div>\n    <\/div>\n<\/section>\n\n    <\/div>\n\n<\/div>\n\n\n<div class=\"desplegable \">\n\n\n\n\n    <p class=\"titulo\">Segundo ciclo: autonom\u00edas y competencias<\/p>\n\n    <div class=\"texto\">\n        \n\n<p>Impulsamos actividades que partan de los intereses del alumnado y a su vez, damos continuidad al primer ciclo, <strong>trabajando por proyectos y zonas<\/strong>.&nbsp;<\/p>\n\n\n\n<p>La evaluaci\u00f3n comienza a cobrar especial fuerza porque orientamos la <strong>autoevaluaci\u00f3n, la coevaluaci\u00f3n y las heteroevaluaciones<\/strong> para avanzar en la autonom\u00eda del alumno, as\u00ed como para resaltar la importancia del trabajo en equipo.<\/p>\n\n\n\n<p>Adem\u00e1s, tenemos la oportunidad de trabajar la educaci\u00f3n art\u00edstica por proyectos, desarrollando libremente su creatividad y capacidades.<\/p>\n\n\n<section class=\"seccion-galeria\">\n    <div class=\"contenedor\">\n        <div class=\"margen\">\n\n            <div class=\"texto\">\n                \n            <\/div>\n                   \n            <div class=\"galeria subseccion\">\n\n                                                            <figure class=\"galeria-item swing swing--opacity\">\n                            <a href=\"https:\/\/www.durangojesuitak.org\/wp-content\/uploads\/2022\/11\/estilo-docente-primaria-jesuitak-durango-16.jpg\" data-lightbox=\"seccion-galeria--4436\">\n                                <img decoding=\"async\" src=\"https:\/\/www.durangojesuitak.org\/wp-content\/uploads\/2022\/11\/estilo-docente-primaria-jesuitak-durango-16-1024x683.jpg\" alt=\"\"\/>\n                            <\/a>\n                        <\/figure>\n                                            <figure class=\"galeria-item swing swing--opacity\">\n                            <a href=\"https:\/\/www.durangojesuitak.org\/wp-content\/uploads\/2022\/11\/estilo-docente-primaria-jesuitak-durango-11.jpg\" data-lightbox=\"seccion-galeria--4446\">\n                                <img decoding=\"async\" src=\"https:\/\/www.durangojesuitak.org\/wp-content\/uploads\/2022\/11\/estilo-docente-primaria-jesuitak-durango-11-1024x683.jpg\" alt=\"\"\/>\n                            <\/a>\n                        <\/figure>\n                                            <figure class=\"galeria-item swing swing--opacity\">\n                            <a href=\"https:\/\/www.durangojesuitak.org\/wp-content\/uploads\/2022\/11\/estilo-docente-primaria-jesuitak-durango-15.jpg\" data-lightbox=\"seccion-galeria--4438\">\n                                <img decoding=\"async\" src=\"https:\/\/www.durangojesuitak.org\/wp-content\/uploads\/2022\/11\/estilo-docente-primaria-jesuitak-durango-15-1024x683.jpg\" alt=\"\"\/>\n                            <\/a>\n                        <\/figure>\n                                            <figure class=\"galeria-item swing swing--opacity\">\n                            <a href=\"https:\/\/www.durangojesuitak.org\/wp-content\/uploads\/2022\/11\/estilo-docente-primaria-jesuitak-durango-13.jpg\" data-lightbox=\"seccion-galeria--4442\">\n                                <img decoding=\"async\" src=\"https:\/\/www.durangojesuitak.org\/wp-content\/uploads\/2022\/11\/estilo-docente-primaria-jesuitak-durango-13-1024x683.jpg\" alt=\"\"\/>\n                            <\/a>\n                        <\/figure>\n                                            <figure class=\"galeria-item swing swing--opacity\">\n                            <a href=\"https:\/\/www.durangojesuitak.org\/wp-content\/uploads\/2022\/11\/estilo-docente-primaria-jesuitak-durango-12.jpg\" data-lightbox=\"seccion-galeria--4444\">\n                                <img decoding=\"async\" src=\"https:\/\/www.durangojesuitak.org\/wp-content\/uploads\/2022\/11\/estilo-docente-primaria-jesuitak-durango-12-1024x683.jpg\" alt=\"\"\/>\n                            <\/a>\n                        <\/figure>\n                                    \n            <\/div>\n\n        <\/div>\n    <\/div>\n<\/section>\n\n    <\/div>\n\n<\/div>\n\n\n<div class=\"desplegable \">\n\n\n\n\n    <p class=\"titulo\">Tercer ciclo: cooperaci\u00f3n y discurso<\/p>\n\n    <div class=\"texto\">\n        \n\n<p>En este ciclo tiene mayor protagonismo la din\u00e1mica <strong>de aprendizaje cooperativo<\/strong>, as\u00ed como el trabajo en equipo. Adem\u00e1s,<strong> <\/strong>creamos y ofrecemos al alumnado material adaptado a sus necesidades.<\/p>\n\n\n\n<p>A lo largo del curso participamos en <strong>proyectos interdisciplinares<\/strong> en los que por grupos se enfrentan a diferentes retos buscando respuestas y soluciones reales.<\/p>\n\n\n\n<p>Los idiomas siguen teniendo gran protagonismo y garantizamos una metodolog\u00eda comunicativa y discursiva. En el \u00e1mbito de la tecnolog\u00eda, trabajamos con ordenadores personales. A su vez contamos con libros de texto digitales, lo cual ayuda a reducir significativamente el gasto de las familias.<br \/><br \/><strong>Somos Microsoft Education y las familias tambi\u00e9n pueden utilizarlo<\/strong> descargando gratuitamente las herramientas que ofrece Microsoft Office (Word, Microsoft, Excel) en 3 dispositivos diferentes de su hogar.<\/p>\n\n\n<section class=\"seccion-galeria\">\n    <div class=\"contenedor\">\n        <div class=\"margen\">\n\n            <div class=\"texto\">\n                \n            <\/div>\n                   \n            <div class=\"galeria subseccion\">\n\n                                                            <figure class=\"galeria-item swing swing--opacity\">\n                            <a href=\"https:\/\/www.durangojesuitak.org\/wp-content\/uploads\/2022\/11\/estilo-docente-primaria-jesuitak-durango-21.jpg\" data-lightbox=\"seccion-galeria--4453\">\n                                <img decoding=\"async\" src=\"https:\/\/www.durangojesuitak.org\/wp-content\/uploads\/2022\/11\/estilo-docente-primaria-jesuitak-durango-21-1024x683.jpg\" alt=\"\"\/>\n                            <\/a>\n                        <\/figure>\n                                            <figure class=\"galeria-item swing swing--opacity\">\n                            <a href=\"https:\/\/www.durangojesuitak.org\/wp-content\/uploads\/2022\/11\/estilo-docente-primaria-jesuitak-durango-19.jpg\" data-lightbox=\"seccion-galeria--4457\">\n                                <img decoding=\"async\" src=\"https:\/\/www.durangojesuitak.org\/wp-content\/uploads\/2022\/11\/estilo-docente-primaria-jesuitak-durango-19-1024x683.jpg\" alt=\"\"\/>\n                            <\/a>\n                        <\/figure>\n                                            <figure class=\"galeria-item swing swing--opacity\">\n                            <a href=\"https:\/\/www.durangojesuitak.org\/wp-content\/uploads\/2022\/11\/estilo-docente-primaria-jesuitak-durango-18.jpg\" data-lightbox=\"seccion-galeria--4459\">\n                                <img decoding=\"async\" src=\"https:\/\/www.durangojesuitak.org\/wp-content\/uploads\/2022\/11\/estilo-docente-primaria-jesuitak-durango-18-1024x683.jpg\" alt=\"\"\/>\n                            <\/a>\n                        <\/figure>\n                                            <figure class=\"galeria-item swing swing--opacity\">\n                            <a href=\"https:\/\/www.durangojesuitak.org\/wp-content\/uploads\/2022\/11\/estilo-docente-primaria-jesuitak-durango-17.jpg\" data-lightbox=\"seccion-galeria--4461\">\n                                <img decoding=\"async\" src=\"https:\/\/www.durangojesuitak.org\/wp-content\/uploads\/2022\/11\/estilo-docente-primaria-jesuitak-durango-17-1024x683.jpg\" alt=\"\"\/>\n                            <\/a>\n                        <\/figure>\n                                    \n            <\/div>\n\n        <\/div>\n    <\/div>\n<\/section>\n\n    <\/div>\n\n<\/div>\n                    <\/div>\n\n                <\/div>\n            \n            <div class=\"right\">\n\n                \n            <\/div>\n\n            \n        <\/div>\n    <\/div>\n\n\n    \n    \n<\/section>\n\n\n\n<a href=\"https:\/\/www.durangojesuitak.org\/wp-content\/uploads\/2024\/09\/LH-Reglamento-de-convivencia-sept-2024.pdf\" target=\"__blank\" class=\"link-descarga centrado\">\n    Reglamento de convivencia    <i class=\"fas fa-file-download\"><\/i>\n<\/a>\n\n\n                <\/div>\n\n            <\/div>\n\n        <\/div>\n    <\/div>\n<\/section>","protected":false},"excerpt":{"rendered":"","protected":false},"author":1,"featured_media":0,"parent":2033,"menu_order":100,"comment_status":"closed","ping_status":"closed","template":"","meta":{"_acf_changed":false,"inline_featured_image":false,"footnotes":""},"class_list":["post-671","page","type-page","status-publish","hentry"],"acf":[],"yoast_head":"<!-- This site is optimized with the Yoast SEO plugin v26.9 - https:\/\/yoast.com\/product\/yoast-seo-wordpress\/ -->\n<title>Estilo docente | Jesuitak Durango<\/title>\n<meta name=\"description\" content=\"Entre los ciclos de Educaci\u00f3n Primaria se busca una evoluci\u00f3n natural, coherente y escalonada de las competencias y capacidades de cada alumno y alumna.\" \/>\n<meta name=\"robots\" content=\"index, follow, max-snippet:-1, max-image-preview:large, max-video-preview:-1\" \/>\n<link rel=\"canonical\" href=\"https:\/\/www.durangojesuitak.org\/es\/primaria\/estilo-docente\/\" \/>\n<meta property=\"og:locale\" content=\"es_ES\" \/>\n<meta property=\"og:type\" content=\"article\" \/>\n<meta property=\"og:title\" content=\"Estilo docente | Jesuitak Durango\" \/>\n<meta property=\"og:description\" content=\"Entre los ciclos de Educaci\u00f3n Primaria se busca una evoluci\u00f3n natural, coherente y escalonada de las competencias y capacidades de cada alumno y alumna.\" \/>\n<meta property=\"og:url\" content=\"https:\/\/www.durangojesuitak.org\/es\/primaria\/estilo-docente\/\" \/>\n<meta property=\"og:site_name\" content=\"Durango Jesuitak\" \/>\n<meta property=\"article:modified_time\" content=\"2024-09-10T10:44:04+00:00\" \/>\n<meta name=\"twitter:card\" content=\"summary_large_image\" \/>\n<meta name=\"twitter:label1\" content=\"Tiempo de lectura\" \/>\n\t<meta name=\"twitter:data1\" content=\"2 minutos\" \/>\n<script type=\"application\/ld+json\" class=\"yoast-schema-graph\">{\"@context\":\"https:\/\/schema.org\",\"@graph\":[{\"@type\":\"WebPage\",\"@id\":\"https:\/\/www.durangojesuitak.org\/es\/primaria\/estilo-docente\/\",\"url\":\"https:\/\/www.durangojesuitak.org\/es\/primaria\/estilo-docente\/\",\"name\":\"Estilo docente | Jesuitak Durango\",\"isPartOf\":{\"@id\":\"https:\/\/www.durangojesuitak.org\/#website\"},\"datePublished\":\"2021-10-04T11:13:49+00:00\",\"dateModified\":\"2024-09-10T10:44:04+00:00\",\"description\":\"Entre los ciclos de Educaci\u00f3n Primaria se busca una evoluci\u00f3n natural, coherente y escalonada de las competencias y capacidades de cada alumno y alumna.\",\"breadcrumb\":{\"@id\":\"https:\/\/www.durangojesuitak.org\/es\/primaria\/estilo-docente\/#breadcrumb\"},\"inLanguage\":\"es\",\"potentialAction\":[{\"@type\":\"ReadAction\",\"target\":[\"https:\/\/www.durangojesuitak.org\/es\/primaria\/estilo-docente\/\"]}]},{\"@type\":\"BreadcrumbList\",\"@id\":\"https:\/\/www.durangojesuitak.org\/es\/primaria\/estilo-docente\/#breadcrumb\",\"itemListElement\":[{\"@type\":\"ListItem\",\"position\":1,\"name\":\"Home\",\"item\":\"https:\/\/www.durangojesuitak.org\/es\/\"},{\"@type\":\"ListItem\",\"position\":2,\"name\":\"Primaria\",\"item\":\"https:\/\/www.durangojesuitak.org\/es\/primaria\/\"},{\"@type\":\"ListItem\",\"position\":3,\"name\":\"Estilo docente\"}]},{\"@type\":\"WebSite\",\"@id\":\"https:\/\/www.durangojesuitak.org\/#website\",\"url\":\"https:\/\/www.durangojesuitak.org\/\",\"name\":\"Durango Jesuitak\",\"description\":\"\",\"publisher\":{\"@id\":\"https:\/\/www.durangojesuitak.org\/#organization\"},\"potentialAction\":[{\"@type\":\"SearchAction\",\"target\":{\"@type\":\"EntryPoint\",\"urlTemplate\":\"https:\/\/www.durangojesuitak.org\/?s={search_term_string}\"},\"query-input\":{\"@type\":\"PropertyValueSpecification\",\"valueRequired\":true,\"valueName\":\"search_term_string\"}}],\"inLanguage\":\"es\"},{\"@type\":\"Organization\",\"@id\":\"https:\/\/www.durangojesuitak.org\/#organization\",\"name\":\"Jesuitak Durango\",\"url\":\"https:\/\/www.durangojesuitak.org\/\",\"logo\":{\"@type\":\"ImageObject\",\"inLanguage\":\"es\",\"@id\":\"https:\/\/www.durangojesuitak.org\/#\/schema\/logo\/image\/\",\"url\":\"https:\/\/www.durangojesuitak.org\/wp-content\/uploads\/2022\/11\/cropped-Jesuitak-Durango-1.png\",\"contentUrl\":\"https:\/\/www.durangojesuitak.org\/wp-content\/uploads\/2022\/11\/cropped-Jesuitak-Durango-1.png\",\"width\":512,\"height\":512,\"caption\":\"Jesuitak Durango\"},\"image\":{\"@id\":\"https:\/\/www.durangojesuitak.org\/#\/schema\/logo\/image\/\"}}]}<\/script>\n<!-- \/ Yoast SEO plugin. -->","yoast_head_json":{"title":"Estilo docente | Jesuitak Durango","description":"Entre los ciclos de Educaci\u00f3n Primaria se busca una evoluci\u00f3n natural, coherente y escalonada de las competencias y capacidades de cada alumno y alumna.","robots":{"index":"index","follow":"follow","max-snippet":"max-snippet:-1","max-image-preview":"max-image-preview:large","max-video-preview":"max-video-preview:-1"},"canonical":"https:\/\/www.durangojesuitak.org\/es\/primaria\/estilo-docente\/","og_locale":"es_ES","og_type":"article","og_title":"Estilo docente | Jesuitak Durango","og_description":"Entre los ciclos de Educaci\u00f3n Primaria se busca una evoluci\u00f3n natural, coherente y escalonada de las competencias y capacidades de cada alumno y alumna.","og_url":"https:\/\/www.durangojesuitak.org\/es\/primaria\/estilo-docente\/","og_site_name":"Durango Jesuitak","article_modified_time":"2024-09-10T10:44:04+00:00","twitter_card":"summary_large_image","twitter_misc":{"Tiempo de lectura":"2 minutos"},"schema":{"@context":"https:\/\/schema.org","@graph":[{"@type":"WebPage","@id":"https:\/\/www.durangojesuitak.org\/es\/primaria\/estilo-docente\/","url":"https:\/\/www.durangojesuitak.org\/es\/primaria\/estilo-docente\/","name":"Estilo docente | Jesuitak Durango","isPartOf":{"@id":"https:\/\/www.durangojesuitak.org\/#website"},"datePublished":"2021-10-04T11:13:49+00:00","dateModified":"2024-09-10T10:44:04+00:00","description":"Entre los ciclos de Educaci\u00f3n Primaria se busca una evoluci\u00f3n natural, coherente y escalonada de las competencias y capacidades de cada alumno y alumna.","breadcrumb":{"@id":"https:\/\/www.durangojesuitak.org\/es\/primaria\/estilo-docente\/#breadcrumb"},"inLanguage":"es","potentialAction":[{"@type":"ReadAction","target":["https:\/\/www.durangojesuitak.org\/es\/primaria\/estilo-docente\/"]}]},{"@type":"BreadcrumbList","@id":"https:\/\/www.durangojesuitak.org\/es\/primaria\/estilo-docente\/#breadcrumb","itemListElement":[{"@type":"ListItem","position":1,"name":"Home","item":"https:\/\/www.durangojesuitak.org\/es\/"},{"@type":"ListItem","position":2,"name":"Primaria","item":"https:\/\/www.durangojesuitak.org\/es\/primaria\/"},{"@type":"ListItem","position":3,"name":"Estilo docente"}]},{"@type":"WebSite","@id":"https:\/\/www.durangojesuitak.org\/#website","url":"https:\/\/www.durangojesuitak.org\/","name":"Durango Jesuitak","description":"","publisher":{"@id":"https:\/\/www.durangojesuitak.org\/#organization"},"potentialAction":[{"@type":"SearchAction","target":{"@type":"EntryPoint","urlTemplate":"https:\/\/www.durangojesuitak.org\/?s={search_term_string}"},"query-input":{"@type":"PropertyValueSpecification","valueRequired":true,"valueName":"search_term_string"}}],"inLanguage":"es"},{"@type":"Organization","@id":"https:\/\/www.durangojesuitak.org\/#organization","name":"Jesuitak Durango","url":"https:\/\/www.durangojesuitak.org\/","logo":{"@type":"ImageObject","inLanguage":"es","@id":"https:\/\/www.durangojesuitak.org\/#\/schema\/logo\/image\/","url":"https:\/\/www.durangojesuitak.org\/wp-content\/uploads\/2022\/11\/cropped-Jesuitak-Durango-1.png","contentUrl":"https:\/\/www.durangojesuitak.org\/wp-content\/uploads\/2022\/11\/cropped-Jesuitak-Durango-1.png","width":512,"height":512,"caption":"Jesuitak Durango"},"image":{"@id":"https:\/\/www.durangojesuitak.org\/#\/schema\/logo\/image\/"}}]}},"_links":{"self":[{"href":"https:\/\/www.durangojesuitak.org\/es\/wp-json\/wp\/v2\/pages\/671","targetHints":{"allow":["GET"]}}],"collection":[{"href":"https:\/\/www.durangojesuitak.org\/es\/wp-json\/wp\/v2\/pages"}],"about":[{"href":"https:\/\/www.durangojesuitak.org\/es\/wp-json\/wp\/v2\/types\/page"}],"author":[{"embeddable":true,"href":"https:\/\/www.durangojesuitak.org\/es\/wp-json\/wp\/v2\/users\/1"}],"replies":[{"embeddable":true,"href":"https:\/\/www.durangojesuitak.org\/es\/wp-json\/wp\/v2\/comments?post=671"}],"version-history":[{"count":2,"href":"https:\/\/www.durangojesuitak.org\/es\/wp-json\/wp\/v2\/pages\/671\/revisions"}],"predecessor-version":[{"id":10847,"href":"https:\/\/www.durangojesuitak.org\/es\/wp-json\/wp\/v2\/pages\/671\/revisions\/10847"}],"up":[{"embeddable":true,"href":"https:\/\/www.durangojesuitak.org\/es\/wp-json\/wp\/v2\/pages\/2033"}],"wp:attachment":[{"href":"https:\/\/www.durangojesuitak.org\/es\/wp-json\/wp\/v2\/media?parent=671"}],"curies":[{"name":"wp","href":"https:\/\/api.w.org\/{rel}","templated":true}]}}